{"id":145,"date":"2026-02-21T23:57:51","date_gmt":"2026-02-21T23:57:51","guid":{"rendered":"https:\/\/teresamestre.pt\/wp\/?page_id=145"},"modified":"2026-02-22T00:00:30","modified_gmt":"2026-02-22T00:00:30","slug":"politica-de-privacidade","status":"publish","type":"page","link":"https:\/\/teresamestre.pt\/wp\/politica-de-privacidade\/","title":{"rendered":"Politica de Privacidade"},"content":{"rendered":"\t\t<div data-elementor-type=\"wp-page\" data-elementor-id=\"145\" class=\"elementor elementor-145\">\n\t\t\t\t<div class=\"elementor-element elementor-element-a638b6f e-flex e-con-boxed e-con e-parent\" data-id=\"a638b6f\" data-element_type=\"container\" data-e-type=\"container\">\n\t\t\t\t\t<div class=\"e-con-inner\">\n\t\t\t\t<div class=\"elementor-element elementor-element-dfa9b47 elementor-widget elementor-widget-text-editor\" data-id=\"dfa9b47\" data-element_type=\"widget\" data-e-type=\"widget\" data-widget_type=\"text-editor.default\">\n\t\t\t\t\t\t\t\t\t<h5>POLITICA DE PRIVACIDADE<\/h5>\t\t\t\t\t\t\t\t<\/div>\n\t\t\t\t<div class=\"elementor-element elementor-element-c02e9d5 elementor-widget elementor-widget-text-editor\" data-id=\"c02e9d5\" data-element_type=\"widget\" data-e-type=\"widget\" data-widget_type=\"text-editor.default\">\n\t\t\t\t\t\t\t\t\t<h5><strong>Pol\u00edtica de Privacidade<\/strong><\/h5>\n<h5 data-start=\"934\" data-end=\"960\">\u00daltima atualiza\u00e7\u00e3o: 02\/2026<\/h5>\n<h5 data-start=\"962\" data-end=\"1129\">A presente Pol\u00edtica de Privacidade descreve como Teresa Mestre recolhe, utiliza e protege os dados pessoais dos utilizadores que visitam este website.<\/h5>\n<h5 data-start=\"1131\" data-end=\"1174\"><strong>1. Respons\u00e1vel pelo Tratamento de Dados<\/strong><\/h5>\n<h5 data-start=\"1176\" data-end=\"1218\">O respons\u00e1vel pelo tratamento dos dados \u00e9:<\/h5>\n<h5 data-start=\"1220\" data-end=\"1403\">Nome: Teresa Serr\u00e3o Mestre<br data-start=\"1255\" data-end=\"1258\">NIF: 514 924 063<br data-start=\"1277\" data-end=\"1280\">Email: teresamestre@myshrealestate.pt<br data-start=\"1311\" data-end=\"1314\">Sede: Portugal<\/h5>\n<hr data-start=\"1405\" data-end=\"1408\">\n<h5 data-start=\"1410\" data-end=\"1433\"><b>2. Dados Recolhidos<\/b><\/h5>\n<h5 data-start=\"1435\" data-end=\"1480\">Podemos recolher os seguintes dados pessoais:<\/h5>\n<ul data-start=\"1482\" data-end=\"1582\">\n<li data-start=\"1482\" data-end=\"1488\">\n<h5 data-start=\"1484\" data-end=\"1488\">Nome<\/h5>\n<\/li>\n<li data-start=\"1482\" data-end=\"1488\">\n<h5 data-start=\"1484\" data-end=\"1488\">Email<\/h5>\n<\/li>\n<li data-start=\"1497\" data-end=\"1517\">\n<h5 data-start=\"1499\" data-end=\"1517\">N\u00famero de telefone<\/h5>\n<\/li>\n<li data-start=\"1518\" data-end=\"1582\">\n<h5 data-start=\"1520\" data-end=\"1582\">Outros dados fornecidos voluntariamente atrav\u00e9s de formul\u00e1rios<\/h5>\n<\/li>\n<\/ul>\n<hr data-start=\"1584\" data-end=\"1587\">\n<h5 data-start=\"1589\" data-end=\"1617\"><b>3. Finalidade da Recolha<\/b><\/h5>\n<h5 data-start=\"1619\" data-end=\"1653\">Os dados recolhidos destinam-se a:<\/h5>\n<ul data-start=\"1655\" data-end=\"1823\">\n<li data-start=\"1655\" data-end=\"1695\">\n<h5 data-start=\"1657\" data-end=\"1695\">Contacto para presta\u00e7\u00e3o de informa\u00e7\u00f5es<\/h5>\n<\/li>\n<li data-start=\"1696\" data-end=\"1735\">\n<h5 data-start=\"1698\" data-end=\"1735\">Envio de propostas ou esclarecimentos<\/h5>\n<\/li>\n<li data-start=\"1736\" data-end=\"1788\">\n<h5 data-start=\"1738\" data-end=\"1788\">Envio de conte\u00fados informativos (quando aplic\u00e1vel)<\/h5>\n<\/li>\n<li data-start=\"1789\" data-end=\"1823\">\n<h5 data-start=\"1791\" data-end=\"1823\">Gest\u00e3o de campanhas de marketing<\/h5>\n<\/li>\n<\/ul>\n<hr data-start=\"1825\" data-end=\"1828\">\n<h5 data-start=\"1830\" data-end=\"1847\"><b>4. Base Legal<\/b><\/h5>\n<h5 data-start=\"1849\" data-end=\"1997\">O tratamento dos dados \u00e9 realizado com base no consentimento do titular dos dados, dado atrav\u00e9s do preenchimento e envio volunt\u00e1rio dos formul\u00e1rios.<\/h5>\n<hr data-start=\"1999\" data-end=\"2002\">\n<h5 data-start=\"2004\" data-end=\"2028\"><b>5. Partilha de Dados<\/b><\/h5>\n<h5 data-start=\"2030\" data-end=\"2153\">Os dados poder\u00e3o ser tratados por plataformas de terceiros utilizadas para gest\u00e3o de marketing e comunica\u00e7\u00e3o, nomeadamente:<\/h5>\n<ul data-start=\"2155\" data-end=\"2306\">\n<li data-start=\"2155\" data-end=\"2221\">\n<h5 data-start=\"2157\" data-end=\"2221\"><span class=\"hover:entity-accent entity-underline inline cursor-pointer align-baseline\">Meta Platforms<\/span> (Facebook e Instagram Ads)<\/h5>\n<\/li>\n<li data-start=\"2222\" data-end=\"2261\">\n<h5 data-start=\"2224\" data-end=\"2261\"><span class=\"hover:entity-accent entity-underline inline cursor-pointer align-baseline\">Google<\/span><\/h5>\n<\/li>\n<li data-start=\"2262\" data-end=\"2306\">\n<h5 data-start=\"2264\" data-end=\"2306\">Plataformas de email marketing&nbsp;<\/h5>\n<\/li>\n<\/ul>\n<h5 data-start=\"2308\" data-end=\"2346\">Os dados n\u00e3o s\u00e3o vendidos a terceiros.<\/h5>\n<hr data-start=\"2348\" data-end=\"2351\">\n<h5 data-start=\"2353\" data-end=\"2380\"><b>6. Prazo de Conserva\u00e7\u00e3o<\/b><\/h5>\n<h5 data-start=\"2382\" data-end=\"2532\">Os dados ser\u00e3o conservados apenas pelo per\u00edodo necess\u00e1rio \u00e0 finalidade para a qual foram recolhidos ou at\u00e9 que o utilizador solicite a sua elimina\u00e7\u00e3o.<\/h5>\n<hr data-start=\"2534\" data-end=\"2537\">\n<h5 data-start=\"2539\" data-end=\"2575\"><b>7. Direitos do Titular dos Dados<\/b><\/h5>\n<h5 data-start=\"2577\" data-end=\"2641\">Nos termos da legisla\u00e7\u00e3o aplic\u00e1vel, o utilizador pode solicitar:<\/h5>\n<ul data-start=\"2643\" data-end=\"2745\">\n<li data-start=\"2643\" data-end=\"2666\">\n<h5 data-start=\"2645\" data-end=\"2666\">Acesso aos seus dados<\/h5>\n<\/li>\n<li data-start=\"2667\" data-end=\"2680\">\n<h5 data-start=\"2669\" data-end=\"2680\">Retifica\u00e7\u00e3o<\/h5>\n<\/li>\n<li data-start=\"2681\" data-end=\"2693\">\n<h5 data-start=\"2683\" data-end=\"2693\">Elimina\u00e7\u00e3o<\/h5>\n<\/li>\n<li data-start=\"2694\" data-end=\"2719\">\n<h5 data-start=\"2696\" data-end=\"2719\">Limita\u00e7\u00e3o do tratamento<\/h5>\n<\/li>\n<li data-start=\"2720\" data-end=\"2745\">\n<h5 data-start=\"2722\" data-end=\"2745\">Portabilidade dos dados<\/h5>\n<\/li>\n<\/ul>\n<h5 data-start=\"2747\" data-end=\"2807\">Para exercer qualquer direito, dever\u00e1 contactar: <strong>+351 961 377 283<\/strong><\/h5>\n<hr data-start=\"2809\" data-end=\"2812\">\n<h5 data-start=\"2814\" data-end=\"2830\"><b>8. Seguran\u00e7a<\/b><\/h5>\n<h5 data-start=\"2832\" data-end=\"2968\">Adotamos medidas t\u00e9cnicas e organizativas adequadas para proteger os dados pessoais contra perda, uso indevido ou acesso n\u00e3o autorizado.<\/h5>\n<hr data-start=\"2970\" data-end=\"2973\">\n<h5 data-start=\"2975\" data-end=\"2992\"><b>9. Altera\u00e7\u00f5es<\/b><\/h5>\n<h5 data-start=\"2994\" data-end=\"3082\">Reservamo-nos o direito de atualizar esta Pol\u00edtica de Privacidade sempre que necess\u00e1rio.<\/h5>\t\t\t\t\t\t\t\t<\/div>\n\t\t\t\t\t<\/div>\n\t\t\t\t<\/div>\n\t\t\t\t<\/div>\n\t\t","protected":false},"excerpt":{"rendered":"<p>POLITICA DE PRIVACIDADE Pol\u00edtica de Privacidade \u00daltima atualiza\u00e7\u00e3o: 02\/2026 A presente Pol\u00edtica de Privacidade descreve como Teresa Mestre recolhe, utiliza e protege os dados pessoais dos utilizadores que visitam este website. 1. Respons\u00e1vel pelo Tratamento de Dados O respons\u00e1vel pelo tratamento dos dados \u00e9: Nome: Teresa Serr\u00e3o MestreNIF: 514 924 063Email: teresamestre@myshrealestate.ptSede: Portugal 2. Dados [&hellip;]<\/p>\n","protected":false},"author":1,"featured_media":0,"parent":0,"menu_order":0,"comment_status":"closed","ping_status":"closed","template":"","meta":{"pagelayer_contact_templates":[],"_pagelayer_content":"","footnotes":""},"class_list":["post-145","page","type-page","status-publish","hentry"],"_links":{"self":[{"href":"https:\/\/teresamestre.pt\/wp\/wp-json\/wp\/v2\/pages\/145","targetHints":{"allow":["GET"]}}],"collection":[{"href":"https:\/\/teresamestre.pt\/wp\/wp-json\/wp\/v2\/pages"}],"about":[{"href":"https:\/\/teresamestre.pt\/wp\/wp-json\/wp\/v2\/types\/page"}],"author":[{"embeddable":true,"href":"https:\/\/teresamestre.pt\/wp\/wp-json\/wp\/v2\/users\/1"}],"replies":[{"embeddable":true,"href":"https:\/\/teresamestre.pt\/wp\/wp-json\/wp\/v2\/comments?post=145"}],"version-history":[{"count":4,"href":"https:\/\/teresamestre.pt\/wp\/wp-json\/wp\/v2\/pages\/145\/revisions"}],"predecessor-version":[{"id":149,"href":"https:\/\/teresamestre.pt\/wp\/wp-json\/wp\/v2\/pages\/145\/revisions\/149"}],"wp:attachment":[{"href":"https:\/\/teresamestre.pt\/wp\/wp-json\/wp\/v2\/media?parent=145"}],"curies":[{"name":"wp","href":"https:\/\/api.w.org\/{rel}","templated":true}]}}